{"id":17,"date":"2025-09-22T21:38:40","date_gmt":"2025-09-22T21:38:40","guid":{"rendered":"https:\/\/40707144.servicio-online.net\/wordpress_a\/?page_id=17"},"modified":"2025-10-16T14:55:06","modified_gmt":"2025-10-16T14:55:06","slug":"artesanias-san-jose-flamencas","status":"publish","type":"page","link":"https:\/\/xn--artesaniassanjosflamencas-qic.es\/","title":{"rendered":"Inicio"},"content":{"rendered":"<p>[et_pb_section fb_built=\u00bb1&#8243; admin_label=\u00bbHeader\u00bb _builder_version=\u00bb4.25.1&#8243; _module_preset=\u00bbdefault\u00bb background_color=\u00bbgcid-695690f7-1400-435d-ab5d-81e5d8a43692&#8243; overflow-x=\u00bbhidden\u00bb overflow-y=\u00bbhidden\u00bb collapsed=\u00bbon\u00bb global_colors_info=\u00bb{%22gcid-695690f7-1400-435d-ab5d-81e5d8a43692%22:%91%22background_color%22%93}\u00bb][et_pb_row column_structure=\u00bb1_2,1_4,1_4&#8243; _builder_version=\u00bb4.27.4&#8243; _module_preset=\u00bbdefault\u00bb custom_padding=\u00bb200px||||false|false\u00bb hover_enabled=\u00bb0&#8243; global_colors_info=\u00bb{}\u00bb sticky_enabled=\u00bb0&#8243; custom_margin_last_edited=\u00bbon|phone\u00bb custom_margin_phone=\u00bb0px||||false|false\u00bb custom_padding_last_edited=\u00bbon|phone\u00bb custom_padding_phone=\u00bb0px||||false|false\u00bb custom_padding_tablet=\u00bb200px||||false|false\u00bb][et_pb_column type=\u00bb1_2&#8243; _builder_version=\u00bb4.27.4&#8243; _module_preset=\u00bbdefault\u00bb background_color=\u00bb#FFFFFF\u00bb z_index=\u00bb10&#8243; custom_padding=\u00bb10%|5%|10%|5%|true|true\u00bb custom_padding_tablet=\u00bb0%||0%||true|false\u00bb custom_padding_phone=\u00bb11%||11%||true|false\u00bb custom_padding_last_edited=\u00bbon|desktop\u00bb hover_enabled=\u00bb0&#8243; box_shadow_style=\u00bbpreset4&#8243; box_shadow_horizontal=\u00bb-200px\u00bb box_shadow_vertical=\u00bb-90px\u00bb box_shadow_color=\u00bbgcid-49867634-93e9-4875-ba57-768929494fb1&#8243; global_colors_info=\u00bb{%22gcid-672c49ec-b8cc-4f22-a785-dec4ee1498c5%22:%91%22button_text_color%22,%22button_border_color%22,%22button_bg_color__hover%22,%22link_text_color%22,%22quote_text_color%22,%22quote_border_color%22,%22link_text_color%22,%22quote_text_color%22,%22quote_border_color%22%93,%22gcid-heading-color%22:%91%22body_text_color%22%93,%22gcid-0ec00ca9-ec06-4784-a057-5ece2d56f250%22:%91%22header_text_color%22%93,%22gcid-49867634-93e9-4875-ba57-768929494fb1%22:%91%22box_shadow_color%22%93}\u00bb sticky_enabled=\u00bb0&#8243;][et_pb_heading title=\u00bbTrajes y Complementos Flamencos\u00bb _builder_version=\u00bb4.27.4&#8243; _module_preset=\u00bb37d069e9-ba97-498b-8d63-0e1baad1d7c1&#8243; title_text_color=\u00bbgcid-672c49ec-b8cc-4f22-a785-dec4ee1498c5&#8243; global_colors_info=\u00bb{%22gcid-672c49ec-b8cc-4f22-a785-dec4ee1498c5%22:%91%22title_text_color%22%93}\u00bb][\/et_pb_heading][et_pb_heading title=\u00bbArtesan\u00edas San Jos\u00e9 \u00bb _builder_version=\u00bb4.27.4&#8243; _module_preset=\u00bb3fdf59fd-1701-4405-b26f-893fd3a19798&#8243; hover_enabled=\u00bb0&#8243; global_colors_info=\u00bb{}\u00bb sticky_enabled=\u00bb0&#8243; title_font_size_phone=\u00bb45px\u00bb title_font_last_edited=\u00bbon|phone\u00bb title_font_size_last_edited=\u00bbon|phone\u00bb][\/et_pb_heading][et_pb_divider color=\u00bbgcid-49867634-93e9-4875-ba57-768929494fb1&#8243; _builder_version=\u00bb4.25.1&#8243; _module_preset=\u00bbdefault\u00bb height=\u00bb1px\u00bb global_colors_info=\u00bb{%22gcid-49867634-93e9-4875-ba57-768929494fb1%22:%91%22color%22%93}\u00bb][\/et_pb_divider][et_pb_text _builder_version=\u00bb4.25.1&#8243; _module_preset=\u00bbfc2789f6-19a9-42da-a9ff-f65d4764cc86&#8243; global_colors_info=\u00bb{}\u00bb]<\/p>\n<div class=\"et_pb_module et_pb_text et_pb_text_0  et_pb_text_align_left et_pb_bg_layout_light\">\n<div class=\"et_pb_text_inner\">\n<p>Descubre la esencia del flamenco en cada uno de nuestros dise\u00f1os \u00fanicos, hechos a mano en Sevilla.<\/p>\n<\/div>\n<\/div>\n<p>[\/et_pb_text][et_pb_button button_url=\u00bbhttps:\/\/maps.app.goo.gl\/xwvPGb1mGq53hx328&#8243; url_new_window=\u00bbon\u00bb button_text=\u00bb\u00a1Vis\u00edtanos Hoy Mismo!\u00bb _builder_version=\u00bb4.27.4&#8243; _module_preset=\u00bb1cc09a97-10e5-4be7-a1f1-85671ce2afd3&#8243; hover_enabled=\u00bb0&#8243; locked=\u00bboff\u00bb global_colors_info=\u00bb{}\u00bb button_alignment_last_edited=\u00bbon|phone\u00bb button_alignment_phone=\u00bbcenter\u00bb sticky_enabled=\u00bb0&#8243;][\/et_pb_button][\/et_pb_column][et_pb_column type=\u00bb1_4&#8243; _builder_version=\u00bb4.25.1&#8243; _module_preset=\u00bbdefault\u00bb global_colors_info=\u00bb{}\u00bb][et_pb_image src=\u00bbhttps:\/\/xn--artesaniassanjosflamencas-qic.es\/wp-content\/uploads\/2025\/09\/bailaora-de-flamenco-apasionada-y-elegante-2-scaled.jpg\u00bb title_text=\u00bbbailaora-de-flamenco-apasionada-y-elegante (2)\u00bb _builder_version=\u00bb4.27.4&#8243; _module_preset=\u00bbdefault\u00bb custom_margin=\u00bb-200px|-100%||-90%|false|false\u00bb animation_style=\u00bbfade\u00bb animation_duration=\u00bb500ms\u00bb hover_enabled=\u00bb0&#8243; locked=\u00bboff\u00bb global_colors_info=\u00bb{}\u00bb custom_margin_last_edited=\u00bbon|phone\u00bb custom_padding_last_edited=\u00bbon|phone\u00bb sticky_enabled=\u00bb0&#8243; align_last_edited=\u00bbon|phone\u00bb align_phone=\u00bbcenter\u00bb custom_margin_phone=\u00bb-260px|-137%||-35%|false|false\u00bb transform_styles_last_edited=\u00bbon|phone\u00bb transform_scale_last_edited=\u00bbon|phone\u00bb transform_translate_last_edited=\u00bbon|phone\u00bb transform_rotate_last_edited=\u00bbon|phone\u00bb transform_skew_last_edited=\u00bbon|phone\u00bb transform_origin_last_edited=\u00bbon|phone\u00bb transform_translate_phone=\u00bb35px|0px\u00bb transform_scale_phone=\u00bb112%|112%\u00bb custom_margin_tablet=\u00bb-200px|-100%||-90%|false|false\u00bb][\/et_pb_image][\/et_pb_column][et_pb_column type=\u00bb1_4&#8243; _builder_version=\u00bb4.25.1&#8243; _module_preset=\u00bbdefault\u00bb global_colors_info=\u00bb{}\u00bb][et_pb_image src=\u00bbhttps:\/\/xn--artesaniassanjosflamencas-qic.es\/wp-content\/uploads\/2025\/09\/vista-frontal-mujer-posando-en-studio-1-scaled.jpg\u00bb title_text=\u00bbvista-frontal-mujer-posando-en-studio\u00bb _builder_version=\u00bb4.27.4&#8243; _module_preset=\u00bbdefault\u00bb transform_translate=\u00bb54%|0px\u00bb transform_translate_linked=\u00bboff\u00bb custom_margin=\u00bb|-70%|||false|false\u00bb animation_style=\u00bbfade\u00bb hover_enabled=\u00bb0&#8243; locked=\u00bboff\u00bb global_colors_info=\u00bb{}\u00bb disabled_on=\u00bbon|off|off\u00bb sticky_enabled=\u00bb0&#8243;][\/et_pb_image][\/et_pb_column][\/et_pb_row][\/et_pb_section][et_pb_section fb_built=\u00bb1&#8243; admin_label=\u00bbAbout\u00bb _builder_version=\u00bb4.25.1&#8243; _module_preset=\u00bbdefault\u00bb background_color=\u00bbgcid-695690f7-1400-435d-ab5d-81e5d8a43692&#8243; collapsed=\u00bbon\u00bb global_colors_info=\u00bb{%22gcid-695690f7-1400-435d-ab5d-81e5d8a43692%22:%91%22background_color%22%93}\u00bb][et_pb_row column_structure=\u00bb1_4,3_4&#8243; _builder_version=\u00bb4.25.1&#8243; _module_preset=\u00bbdefault\u00bb global_colors_info=\u00bb{}\u00bb][et_pb_column type=\u00bb1_4&#8243; _builder_version=\u00bb4.25.1&#8243; _module_preset=\u00bbdefault\u00bb global_colors_info=\u00bb{}\u00bb][et_pb_heading title=\u00bbSobre M\u00ed\u00bb _builder_version=\u00bb4.27.4&#8243; _module_preset=\u00bb37d069e9-ba97-498b-8d63-0e1baad1d7c1&#8243; hover_enabled=\u00bb0&#8243; locked=\u00bboff\u00bb global_colors_info=\u00bb{}\u00bb sticky_enabled=\u00bb0&#8243;][\/et_pb_heading][\/et_pb_column][et_pb_column type=\u00bb3_4&#8243; _builder_version=\u00bb4.25.1&#8243; _module_preset=\u00bbdefault\u00bb global_colors_info=\u00bb{}\u00bb][et_pb_heading title=\u00bbEn Artesan\u00edas San Jos\u00e9, somos especialistas en moda flamenca y complementos exclusivos, con una pasi\u00f3n por llevar la tradici\u00f3n sevillana a cada rinc\u00f3n de Ja\u00e9n. Ubicados en Linares, ofrecemos una selecci\u00f3n \u00fanica de trajes flamencos y accesorios para se\u00f1oras y ni\u00f1as, desde beb\u00e9s hasta tallas grandes, con la %22L\u00ednea de Feria%22 en exclusividad. Nuestra imagen profesional se refleja en cada detalle, combinando calidad y estilo para que te sientas especial en cualquier evento.\u00bb _builder_version=\u00bb4.27.4&#8243; _module_preset=\u00bbcad3a8ac-953b-4a9d-a423-9321f8be07a9&#8243; hover_enabled=\u00bb0&#8243; locked=\u00bboff\u00bb global_colors_info=\u00bb{}\u00bb sticky_enabled=\u00bb0&#8243;][\/et_pb_heading][\/et_pb_column][\/et_pb_row][\/et_pb_section][et_pb_section fb_built=\u00bb1&#8243; admin_label=\u00bbService\u00bb _builder_version=\u00bb4.25.1&#8243; _module_preset=\u00bbdefault\u00bb background_color=\u00bbgcid-695690f7-1400-435d-ab5d-81e5d8a43692&#8243; collapsed=\u00bbon\u00bb global_colors_info=\u00bb{%22gcid-695690f7-1400-435d-ab5d-81e5d8a43692%22:%91%22background_color%22%93}\u00bb][et_pb_row column_structure=\u00bb1_2,1_2&#8243; _builder_version=\u00bb4.25.1&#8243; _module_preset=\u00bbdefault\u00bb global_colors_info=\u00bb{}\u00bb][et_pb_column type=\u00bb1_2&#8243; _builder_version=\u00bb4.25.1&#8243; _module_preset=\u00bbdefault\u00bb global_colors_info=\u00bb{}\u00bb][et_pb_image src=\u00bbhttps:\/\/xn--artesaniassanjosflamencas-qic.es\/wp-content\/uploads\/2025\/09\/vista-posterior-joven-levantando-las-manos-con-fondo-naranja-scaled.jpg\u00bb title_text=\u00bbvista-posterior-joven-levantando-las-manos-con-fondo-naranja\u00bb _builder_version=\u00bb4.27.4&#8243; _module_preset=\u00bbdefault\u00bb width=\u00bb80%\u00bb scroll_vertical_motion_enable=\u00bbon\u00bb scroll_vertical_motion=\u00bb0|50|50|100|-0.5|0|0.5&#8243; global_colors_info=\u00bb{}\u00bb][\/et_pb_image][et_pb_image src=\u00bbhttps:\/\/xn--artesaniassanjosflamencas-qic.es\/wp-content\/uploads\/2025\/09\/bailaora-de-flamenco-apasionada-y-elegante-scaled.jpg\u00bb title_text=\u00bbbailaora-de-flamenco-apasionada-y-elegante\u00bb _builder_version=\u00bb4.27.4&#8243; _module_preset=\u00bbdefault\u00bb width=\u00bb50%\u00bb module_alignment=\u00bbright\u00bb custom_margin=\u00bb-40%||||false|false\u00bb scroll_vertical_motion_enable=\u00bbon\u00bb scroll_vertical_motion=\u00bb0|50|50|100|1|0|-1&#8243; border_radii=\u00bboff|500px|500px||\u00bb global_colors_info=\u00bb{}\u00bb][\/et_pb_image][\/et_pb_column][et_pb_column type=\u00bb1_2&#8243; _builder_version=\u00bb4.25.1&#8243; _module_preset=\u00bbdefault\u00bb custom_padding=\u00bb60px||||false|false\u00bb custom_padding_tablet=\u00bb0px||||false|false\u00bb custom_padding_phone=\u00bb0px||||false|false\u00bb custom_padding_last_edited=\u00bbon|desktop\u00bb global_colors_info=\u00bb{}\u00bb][et_pb_heading title=\u00bbLo Que Hago\u00bb _builder_version=\u00bb4.27.4&#8243; _module_preset=\u00bb37d069e9-ba97-498b-8d63-0e1baad1d7c1&#8243; title_text_color=\u00bbgcid-672c49ec-b8cc-4f22-a785-dec4ee1498c5&#8243; locked=\u00bboff\u00bb global_colors_info=\u00bb{%22gcid-672c49ec-b8cc-4f22-a785-dec4ee1498c5%22:%91%22title_text_color%22%93}\u00bb][\/et_pb_heading][et_pb_heading title=\u00bbTe Ayudo a Elevar Tu Estilo y Dise\u00f1ar Ropa Personalizada\u00bb _builder_version=\u00bb4.25.1&#8243; _module_preset=\u00bb3fdf59fd-1701-4405-b26f-893fd3a19798&#8243; custom_margin=\u00bb||10px||false|false\u00bb locked=\u00bboff\u00bb global_colors_info=\u00bb{}\u00bb][\/et_pb_heading][et_pb_text _builder_version=\u00bb4.27.4&#8243; _module_preset=\u00bbfc2789f6-19a9-42da-a9ff-f65d4764cc86&#8243; hover_enabled=\u00bb0&#8243; locked=\u00bboff\u00bb global_colors_info=\u00bb{}\u00bb sticky_enabled=\u00bb0&#8243;]<\/p>\n<p dir=\"auto\">Desde estilismo personal hasta alteraciones expertas a medida, d\u00e9jame ayudarte a expresar tu verdadero yo con confianza y creatividad.<\/p>\n<div><\/div>\n<p>[\/et_pb_text][et_pb_button button_url=\u00bbhttps:\/\/wa.me\/+34615106790&#8243; url_new_window=\u00bbon\u00bb button_text=\u00bbCont\u00e1ctanos Ahora\u00bb _builder_version=\u00bb4.27.4&#8243; _module_preset=\u00bb9ed1404b-f74d-4fa4-b7e5-4e9124009546&#8243; global_colors_info=\u00bb{}\u00bb][\/et_pb_button][\/et_pb_column][\/et_pb_row][\/et_pb_section][et_pb_section fb_built=\u00bb1&#8243; admin_label=\u00bbGuide\u00bb _builder_version=\u00bb4.25.1&#8243; _module_preset=\u00bbdefault\u00bb background_color=\u00bbgcid-695690f7-1400-435d-ab5d-81e5d8a43692&#8243; collapsed=\u00bbon\u00bb global_colors_info=\u00bb{%22gcid-695690f7-1400-435d-ab5d-81e5d8a43692%22:%91%22background_color%22%93}\u00bb][et_pb_row _builder_version=\u00bb4.25.1&#8243; _module_preset=\u00bbdefault\u00bb global_colors_info=\u00bb{}\u00bb][et_pb_column type=\u00bb4_4&#8243; _builder_version=\u00bb4.25.1&#8243; _module_preset=\u00bbdefault\u00bb global_colors_info=\u00bb{}\u00bb][et_pb_image src=\u00bbhttps:\/\/xn--artesaniassanjosflamencas-qic.es\/wp-content\/uploads\/2025\/09\/flamenca-sosteniendo-con-gracia-un-chal-de-manila-scaled.png\u00bb title_text=\u00bbflamenca-sosteniendo-con-gracia-un-chal-de-manila\u00bb _builder_version=\u00bb4.27.4&#8243; _module_preset=\u00bbdefault\u00bb global_colors_info=\u00bb{}\u00bb][\/et_pb_image][\/et_pb_column][\/et_pb_row][et_pb_row column_structure=\u00bb1_3,1_3,1_3&#8243; _builder_version=\u00bb4.25.1&#8243; _module_preset=\u00bbdefault\u00bb global_colors_info=\u00bb{}\u00bb][et_pb_column type=\u00bb1_3&#8243; _builder_version=\u00bb4.25.1&#8243; _module_preset=\u00bbdefault\u00bb global_colors_info=\u00bb{}\u00bb][et_pb_heading title=\u00bb\u00bfQu\u00e9 es el estilismo personal?\u00bb _builder_version=\u00bb4.27.4&#8243; _module_preset=\u00bba986a7b3-0e2d-4422-a540-b8097714f45e\u00bb custom_margin=\u00bb||10px||false|false\u00bb locked=\u00bboff\u00bb global_colors_info=\u00bb{}\u00bb][\/et_pb_heading][et_pb_text _builder_version=\u00bb4.25.1&#8243; _module_preset=\u00bbbed65402-8cdc-404c-9957-130b6ce6330e\u00bb locked=\u00bboff\u00bb global_colors_info=\u00bb{}\u00bb]<\/p>\n<p dir=\"auto\">Desde la combinaci\u00f3n de piezas hasta la adopci\u00f3n de tendencias flamencas, el estilismo personal te ayuda a curar un armario que refleja tu personalidad \u00fanica en el mundo del flamenco. En Artesan\u00edas San Jos\u00e9 Flamencas, te asesoramos para transformar tu look completo con trajes y complementos exclusivos de Sevilla.<\/p>\n<h3 dir=\"auto\"><\/h3>\n<p>[\/et_pb_text][\/et_pb_column][et_pb_column type=\u00bb1_3&#8243; _builder_version=\u00bb4.25.1&#8243; _module_preset=\u00bbdefault\u00bb global_colors_info=\u00bb{}\u00bb][et_pb_heading title=\u00bb\u00bfNecesito ropa cara?\u00bb _builder_version=\u00bb4.27.4&#8243; _module_preset=\u00bba986a7b3-0e2d-4422-a540-b8097714f45e\u00bb custom_margin=\u00bb||10px||false|false\u00bb locked=\u00bboff\u00bb global_colors_info=\u00bb{}\u00bb][\/et_pb_heading][et_pb_text _builder_version=\u00bb4.25.1&#8243; _module_preset=\u00bbbed65402-8cdc-404c-9957-130b6ce6330e\u00bb locked=\u00bboff\u00bb global_colors_info=\u00bb{}\u00bb]<\/p>\n<p dir=\"auto\">No necesitas ropa cara para vestir con estilo flamenco. Con la estilizaci\u00f3n adecuada, creatividad y confianza, en Artesan\u00edas San Jos\u00e9 Flamencas te ayudamos a elevar tu look y hacer una declaraci\u00f3n sin gastar una fortuna, usando nuestras l\u00edneas exclusivas de feria.<\/p>\n<h3 dir=\"auto\"><\/h3>\n<p>[\/et_pb_text][\/et_pb_column][et_pb_column type=\u00bb1_3&#8243; _builder_version=\u00bb4.25.1&#8243; _module_preset=\u00bbdefault\u00bb global_colors_info=\u00bb{}\u00bb][et_pb_heading title=\u00bb\u00bfPuedo alquilar art\u00edculos de ti?\u00bb _builder_version=\u00bb4.27.4&#8243; _module_preset=\u00bba986a7b3-0e2d-4422-a540-b8097714f45e\u00bb custom_margin=\u00bb||10px||false|false\u00bb locked=\u00bboff\u00bb global_colors_info=\u00bb{}\u00bb][\/et_pb_heading][et_pb_text _builder_version=\u00bb4.25.1&#8243; _module_preset=\u00bbbed65402-8cdc-404c-9957-130b6ce6330e\u00bb locked=\u00bboff\u00bb global_colors_info=\u00bb{}\u00bb]<\/p>\n<p dir=\"auto\">No ofrecemos alquileres, pero en Artesan\u00edas San Jos\u00e9 Flamencas puedes adquirir los \u00faltimos estilos flamencos para expresar con confianza tu personalidad \u00fanica a trav\u00e9s de la moda. \u00a1Cont\u00e1ctanos hoy para conocer nuestras opciones de compra exclusivas!<\/p>\n<div><\/div>\n<p>[\/et_pb_text][\/et_pb_column][\/et_pb_row][\/et_pb_section][et_pb_section fb_built=\u00bb1&#8243; admin_label=\u00bbCall to Action\u00bb _builder_version=\u00bb4.25.1&#8243; _module_preset=\u00bbdefault\u00bb background_color=\u00bbgcid-096a3b95-3143-414b-96db-c5cca7103179&#8243; collapsed=\u00bbon\u00bb global_colors_info=\u00bb{%22gcid-096a3b95-3143-414b-96db-c5cca7103179%22:%91%22background_color%22%93}\u00bb][et_pb_row column_structure=\u00bb3_5,2_5&#8243; _builder_version=\u00bb4.25.1&#8243; _module_preset=\u00bbdefault\u00bb global_colors_info=\u00bb{}\u00bb][et_pb_column type=\u00bb3_5&#8243; _builder_version=\u00bb4.25.1&#8243; _module_preset=\u00bbdefault\u00bb global_colors_info=\u00bb{}\u00bb][et_pb_heading title=\u00bbEstilista de Moda\u00bb _builder_version=\u00bb4.27.4&#8243; _module_preset=\u00bb37d069e9-ba97-498b-8d63-0e1baad1d7c1&#8243; title_text_color=\u00bbgcid-672c49ec-b8cc-4f22-a785-dec4ee1498c5&#8243; locked=\u00bboff\u00bb global_colors_info=\u00bb{%22gcid-672c49ec-b8cc-4f22-a785-dec4ee1498c5%22:%91%22title_text_color%22%93}\u00bb][\/et_pb_heading][et_pb_heading title=\u00bbEn Artesan\u00edas San Jos\u00e9 Flamencas, te ofrecemos un servicio personalizado para resaltar tu belleza con trajes flamencos \u00fanicos. Desde la selecci\u00f3n de dise\u00f1os exclusivos hasta ajustes a medida, estamos aqu\u00ed para crear el look perfecto para ti.Te guiamos con pasi\u00f3n y experiencia para que cada prenda refleje tu estilo y tradiciones flamencas, adapt\u00e1ndonos a tus necesidades, desde beb\u00e9s hasta tallas grandes.Con complementos de Sevilla y nuestra %22L\u00ednea de Feria%22, transformamos tu presencia en cada evento con elegancia y autenticidad.\u00bb _builder_version=\u00bb4.25.1&#8243; _module_preset=\u00bba986a7b3-0e2d-4422-a540-b8097714f45e\u00bb title_text_color=\u00bb#FFFFFF\u00bb custom_margin=\u00bb||10px||false|false\u00bb locked=\u00bboff\u00bb global_colors_info=\u00bb{}\u00bb][\/et_pb_heading][\/et_pb_column][et_pb_column type=\u00bb2_5&#8243; _builder_version=\u00bb4.25.1&#8243; _module_preset=\u00bbdefault\u00bb global_colors_info=\u00bb{}\u00bb][et_pb_image src=\u00bbhttps:\/\/xn--artesaniassanjosflamencas-qic.es\/wp-content\/uploads\/2025\/09\/bailarina-de-flamenco-en-movimiento-manton-manila-scaled.jpg\u00bb title_text=\u00bbbailarina-de-flamenco-en-movimiento-manton-manila\u00bb _builder_version=\u00bb4.27.4&#8243; _module_preset=\u00bbdefault\u00bb global_colors_info=\u00bb{}\u00bb][\/et_pb_image][\/et_pb_column][\/et_pb_row][et_pb_row column_structure=\u00bb3_4,1_4&#8243; _builder_version=\u00bb4.25.1&#8243; _module_preset=\u00bbdefault\u00bb border_color_all=\u00bbrgba(255,255,255,0.1)\u00bb border_width_bottom=\u00bb1px\u00bb global_colors_info=\u00bb{}\u00bb][et_pb_column type=\u00bb3_4&#8243; _builder_version=\u00bb4.25.1&#8243; _module_preset=\u00bbdefault\u00bb global_colors_info=\u00bb{}\u00bb][et_pb_heading title=\u00bbTrajes a Medida\u00bb _builder_version=\u00bb4.25.1&#8243; _module_preset=\u00bb3fdf59fd-1701-4405-b26f-893fd3a19798&#8243; title_text_color=\u00bb#FFFFFF\u00bb custom_margin=\u00bb||10px||false|false\u00bb locked=\u00bboff\u00bb global_colors_info=\u00bb{}\u00bb][\/et_pb_heading][et_pb_text _builder_version=\u00bb4.25.1&#8243; _module_preset=\u00bb414c7b50-efb3-43f3-9bf6-9d8146bc7c79&#8243; custom_margin=\u00bb-6px|||||\u00bb locked=\u00bboff\u00bb global_colors_info=\u00bb{}\u00bb]<\/p>\n<p>Confeccionamos trajes flamencos personalizados que se ajustan a tus medidas y estilo.<\/p>\n<p>[\/et_pb_text][\/et_pb_column][et_pb_column type=\u00bb1_4&#8243; _builder_version=\u00bb4.25.1&#8243; _module_preset=\u00bbdefault\u00bb global_colors_info=\u00bb{}\u00bb][\/et_pb_column][\/et_pb_row][et_pb_row column_structure=\u00bb3_4,1_4&#8243; _builder_version=\u00bb4.25.1&#8243; _module_preset=\u00bbdefault\u00bb border_color_all=\u00bbrgba(255,255,255,0.1)\u00bb border_width_bottom=\u00bb1px\u00bb global_colors_info=\u00bb{}\u00bb][et_pb_column type=\u00bb3_4&#8243; _builder_version=\u00bb4.25.1&#8243; _module_preset=\u00bbdefault\u00bb global_colors_info=\u00bb{}\u00bb][et_pb_heading title=\u00bbComplementos \u00danicos\u00bb _builder_version=\u00bb4.25.1&#8243; _module_preset=\u00bb3fdf59fd-1701-4405-b26f-893fd3a19798&#8243; title_text_color=\u00bb#FFFFFF\u00bb custom_margin=\u00bb||10px||false|false\u00bb locked=\u00bboff\u00bb global_colors_info=\u00bb{}\u00bb][\/et_pb_heading][et_pb_text _builder_version=\u00bb4.25.1&#8243; _module_preset=\u00bb414c7b50-efb3-43f3-9bf6-9d8146bc7c79&#8243; locked=\u00bboff\u00bb global_colors_info=\u00bb{}\u00bb]<\/p>\n<p>Encuentra accesorios exclusivos que complementan tu atuendo flamenco a la perfecci\u00f3n.<\/p>\n<p>[\/et_pb_text][\/et_pb_column][et_pb_column type=\u00bb1_4&#8243; _builder_version=\u00bb4.25.1&#8243; _module_preset=\u00bbdefault\u00bb global_colors_info=\u00bb{}\u00bb][\/et_pb_column][\/et_pb_row][et_pb_row column_structure=\u00bb3_4,1_4&#8243; _builder_version=\u00bb4.25.1&#8243; _module_preset=\u00bbdefault\u00bb border_color_all=\u00bbrgba(255,255,255,0.1)\u00bb border_width_bottom=\u00bb1px\u00bb global_colors_info=\u00bb{}\u00bb][et_pb_column type=\u00bb3_4&#8243; _builder_version=\u00bb4.25.1&#8243; _module_preset=\u00bbdefault\u00bb global_colors_info=\u00bb{}\u00bb][et_pb_heading title=\u00bbL\u00ednea de Feria\u00bb _builder_version=\u00bb4.25.1&#8243; _module_preset=\u00bb3fdf59fd-1701-4405-b26f-893fd3a19798&#8243; title_text_color=\u00bb#FFFFFF\u00bb custom_margin=\u00bb||10px||false|false\u00bb locked=\u00bboff\u00bb global_colors_info=\u00bb{}\u00bb][\/et_pb_heading][et_pb_text _builder_version=\u00bb4.25.1&#8243; _module_preset=\u00bb414c7b50-efb3-43f3-9bf6-9d8146bc7c79&#8243; locked=\u00bboff\u00bb global_colors_info=\u00bb{}\u00bb]<\/p>\n<p>Descubre nuestra colecci\u00f3n especial dise\u00f1ada para brillar en las ferias m\u00e1s importantes.<\/p>\n<p>[\/et_pb_text][\/et_pb_column][et_pb_column type=\u00bb1_4&#8243; _builder_version=\u00bb4.25.1&#8243; _module_preset=\u00bbdefault\u00bb global_colors_info=\u00bb{}\u00bb][\/et_pb_column][\/et_pb_row][\/et_pb_section][et_pb_section fb_built=\u00bb1&#8243; admin_label=\u00bbAbout\u00bb _builder_version=\u00bb4.25.1&#8243; _module_preset=\u00bbdefault\u00bb background_color=\u00bbgcid-695690f7-1400-435d-ab5d-81e5d8a43692&#8243; collapsed=\u00bbon\u00bb global_colors_info=\u00bb{%22gcid-695690f7-1400-435d-ab5d-81e5d8a43692%22:%91%22background_color%22%93}\u00bb][et_pb_row column_structure=\u00bb1_4,1_4,1_2&#8243; _builder_version=\u00bb4.25.1&#8243; _module_preset=\u00bbdefault\u00bb locked=\u00bboff\u00bb global_colors_info=\u00bb{}\u00bb][et_pb_column type=\u00bb1_4&#8243; _builder_version=\u00bb4.25.1&#8243; _module_preset=\u00bbdefault\u00bb custom_padding=\u00bb6%|3%|||false|false\u00bb custom_padding_tablet=\u00bb0%|0%|||false|false\u00bb custom_padding_phone=\u00bb0%|0%|||false|false\u00bb custom_padding_last_edited=\u00bbon|tablet\u00bb global_colors_info=\u00bb{}\u00bb][et_pb_image src=\u00bbhttps:\/\/xn--artesaniassanjosflamencas-qic.es\/wp-content\/uploads\/2025\/09\/fashion-stylist-11.jpg\u00bb title_text=\u00bbfashion-stylist-11&#8243; _builder_version=\u00bb4.27.4&#8243; _module_preset=\u00bbdefault\u00bb custom_margin=\u00bb||||false|false\u00bb global_colors_info=\u00bb{}\u00bb][\/et_pb_image][\/et_pb_column][et_pb_column type=\u00bb1_4&#8243; _builder_version=\u00bb4.25.1&#8243; _module_preset=\u00bbdefault\u00bb global_colors_info=\u00bb{}\u00bb][et_pb_image src=\u00bbhttps:\/\/xn--artesaniassanjosflamencas-qic.es\/wp-content\/uploads\/2025\/09\/senora-bailando-flamenco-con-el-brazo-en-alto-scaled.jpg\u00bb title_text=\u00bbsenora-bailando-flamenco-con-el-brazo-en-alto\u00bb _builder_version=\u00bb4.27.4&#8243; _module_preset=\u00bbdefault\u00bb custom_margin=\u00bb|||-20%|false|false\u00bb custom_margin_tablet=\u00bb|||0%|false|false\u00bb custom_margin_phone=\u00bb|||0%|false|false\u00bb custom_margin_last_edited=\u00bbon|tablet\u00bb global_colors_info=\u00bb{}\u00bb][\/et_pb_image][\/et_pb_column][et_pb_column type=\u00bb1_2&#8243; _builder_version=\u00bb4.25.1&#8243; _module_preset=\u00bbdefault\u00bb global_colors_info=\u00bb{}\u00bb][et_pb_heading title=\u00bbMi Historia\u00bb _builder_version=\u00bb4.25.1&#8243; _module_preset=\u00bb3fdf59fd-1701-4405-b26f-893fd3a19798&#8243; custom_margin=\u00bb||10px||false|false\u00bb locked=\u00bboff\u00bb global_colors_info=\u00bb{}\u00bb][\/et_pb_heading][et_pb_text _builder_version=\u00bb4.25.1&#8243; _module_preset=\u00bbbed65402-8cdc-404c-9957-130b6ce6330e\u00bb locked=\u00bboff\u00bb global_colors_info=\u00bb{}\u00bb]<\/p>\n<p dir=\"auto\">En Artesan\u00edas San Jos\u00e9 Flamencas, mi pasi\u00f3n por la moda flamenca naci\u00f3 en Linares, Ja\u00e9n. Desde joven, me dediqu\u00e9 a crear trajes \u00fanicos con telas de Sevilla. Cada dise\u00f1o refleja tradici\u00f3n y estilo. Con a\u00f1os de experiencia, he perfeccionado la \u00abL\u00ednea de Feria\u00bb para se\u00f1oras y ni\u00f1as. Mi taller combina artesan\u00eda y modernidad. Hoy, sigo so\u00f1ando con vestir a cada cliente con elegancia. Mi misi\u00f3n es que cada prenda cuente tu historia.<\/p>\n<p>[\/et_pb_text][\/et_pb_column][\/et_pb_row][\/et_pb_section][et_pb_section fb_built=\u00bb1&#8243; admin_label=\u00bbEvents\u00bb _builder_version=\u00bb4.25.1&#8243; _module_preset=\u00bbdefault\u00bb background_color=\u00bbgcid-695690f7-1400-435d-ab5d-81e5d8a43692&#8243; collapsed=\u00bbon\u00bb global_colors_info=\u00bb{%22gcid-695690f7-1400-435d-ab5d-81e5d8a43692%22:%91%22background_color%22%93}\u00bb][et_pb_row _builder_version=\u00bb4.25.1&#8243; _module_preset=\u00bbdefault\u00bb custom_padding=\u00bb||0px|||\u00bb global_colors_info=\u00bb{}\u00bb][et_pb_column type=\u00bb4_4&#8243; _builder_version=\u00bb4.25.1&#8243; _module_preset=\u00bbdefault\u00bb global_colors_info=\u00bb{}\u00bb][et_pb_heading title=\u00bbShowcase\u00bb _builder_version=\u00bb4.27.4&#8243; _module_preset=\u00bb3fdf59fd-1701-4405-b26f-893fd3a19798&#8243; title_text_align=\u00bbcenter\u00bb custom_margin=\u00bb||10px||false|false\u00bb hover_enabled=\u00bb0&#8243; locked=\u00bboff\u00bb global_colors_info=\u00bb{}\u00bb title_font_size_phone=\u00bb52px\u00bb sticky_enabled=\u00bb0&#8243;][\/et_pb_heading][\/et_pb_column][\/et_pb_row][et_pb_row column_structure=\u00bb1_3,2_3&#8243; make_equal=\u00bbon\u00bb _builder_version=\u00bb4.27.4&#8243; _module_preset=\u00bbdefault\u00bb global_colors_info=\u00bb{}\u00bb][et_pb_column type=\u00bb1_3&#8243; _builder_version=\u00bb4.25.1&#8243; _module_preset=\u00bbdefault\u00bb custom_padding=\u00bb60px||60px||true|false\u00bb custom_padding_tablet=\u00bb0px||0px||true|false\u00bb custom_padding_phone=\u00bb0px||0px||true|false\u00bb custom_padding_last_edited=\u00bbon|tablet\u00bb global_colors_info=\u00bb{}\u00bb][et_pb_heading title=\u00bbPrimavera 2025&#8243; _builder_version=\u00bb4.27.4&#8243; _module_preset=\u00bbcad3a8ac-953b-4a9d-a423-9321f8be07a9&#8243; title_text_align=\u00bbright\u00bb custom_margin=\u00bb||10px||false|false\u00bb title_text_align_tablet=\u00bbcenter\u00bb title_text_align_phone=\u00bbcenter\u00bb title_text_align_last_edited=\u00bbon|tablet\u00bb title_text_color_last_edited=\u00bboff|desktop\u00bb locked=\u00bboff\u00bb global_colors_info=\u00bb{}\u00bb][\/et_pb_heading][et_pb_text _builder_version=\u00bb4.27.4&#8243; _module_preset=\u00bbbed65402-8cdc-404c-9957-130b6ce6330e\u00bb text_orientation=\u00bbright\u00bb text_orientation_tablet=\u00bbcenter\u00bb text_orientation_phone=\u00bbcenter\u00bb text_orientation_last_edited=\u00bbon|tablet\u00bb locked=\u00bboff\u00bb global_colors_info=\u00bb{}\u00bb]<\/p>\n<p dir=\"auto\">Descubre nuestros servicios de trajes flamencos y complementos exclusivos en Artesan\u00edas San Jos\u00e9 Flamencas. Desde ajustes a medida hasta la \u00abL\u00ednea de Feria\u00bb, te vestimos con estilo. \u00a1Visita nuestra p\u00e1gina y comparte en Facebook para m\u00e1s detalles!<\/p>\n<p>[\/et_pb_text][et_pb_button button_url=\u00bbhttps:\/\/www.facebook.com\/people\/Artesan%C3%ADas-San-Jos%C3%A9-Flamencas\/100057549875905\/?locale=es_ES\u00bb url_new_window=\u00bbon\u00bb button_text=\u00bbFacebook\u00bb button_alignment=\u00bbright\u00bb button_alignment_tablet=\u00bbcenter\u00bb button_alignment_phone=\u00bbcenter\u00bb button_alignment_last_edited=\u00bbon|tablet\u00bb _builder_version=\u00bb4.27.4&#8243; _module_preset=\u00bb9ed1404b-f74d-4fa4-b7e5-4e9124009546&#8243; global_colors_info=\u00bb{}\u00bb][\/et_pb_button][\/et_pb_column][et_pb_column type=\u00bb2_3&#8243; _builder_version=\u00bb4.27.4&#8243; _module_preset=\u00bbdefault\u00bb background_image=\u00bbhttps:\/\/xn--artesaniassanjosflamencas-qic.es\/wp-content\/uploads\/2025\/09\/pexels-amar-33761348-scaled.png\u00bb global_colors_info=\u00bb{}\u00bb][et_pb_divider show_divider=\u00bboff\u00bb _builder_version=\u00bb4.27.4&#8243; _module_preset=\u00bbdefault\u00bb height_tablet=\u00bb40vw\u00bb height_phone=\u00bb40vw\u00bb height_last_edited=\u00bbon|phone\u00bb global_colors_info=\u00bb{}\u00bb][\/et_pb_divider][\/et_pb_column][\/et_pb_row][et_pb_row column_structure=\u00bb1_3,1_3,1_3&#8243; _builder_version=\u00bb4.25.1&#8243; _module_preset=\u00bbdefault\u00bb global_colors_info=\u00bb{}\u00bb][et_pb_column type=\u00bb1_3&#8243; _builder_version=\u00bb4.25.1&#8243; _module_preset=\u00bbdefault\u00bb global_colors_info=\u00bb{}\u00bb][et_pb_image src=\u00bbhttps:\/\/xn--artesaniassanjosflamencas-qic.es\/wp-content\/uploads\/2025\/09\/photo-1635715195948-90340847960e.webp\u00bb title_text=\u00bbphoto-1635715195948-90340847960e\u00bb _builder_version=\u00bb4.27.4&#8243; _module_preset=\u00bbdefault\u00bb global_colors_info=\u00bb{}\u00bb][\/et_pb_image][\/et_pb_column][et_pb_column type=\u00bb1_3&#8243; _builder_version=\u00bb4.25.1&#8243; _module_preset=\u00bbdefault\u00bb global_colors_info=\u00bb{}\u00bb][et_pb_image src=\u00bbhttps:\/\/xn--artesaniassanjosflamencas-qic.es\/wp-content\/uploads\/2025\/09\/pexels-krivitskiy-1028957.jpg\u00bb title_text=\u00bbpexels-krivitskiy-1028957&#8243; _builder_version=\u00bb4.27.4&#8243; _module_preset=\u00bbdefault\u00bb custom_padding=\u00bb||0px|||\u00bb locked=\u00bboff\u00bb global_colors_info=\u00bb{}\u00bb][\/et_pb_image][\/et_pb_column][et_pb_column type=\u00bb1_3&#8243; _builder_version=\u00bb4.25.1&#8243; _module_preset=\u00bbdefault\u00bb custom_padding=\u00bb60px||60px||true|false\u00bb custom_padding_tablet=\u00bb0px||0px||true|false\u00bb custom_padding_phone=\u00bb0px||0px||true|false\u00bb custom_padding_last_edited=\u00bbon|tablet\u00bb global_colors_info=\u00bb{}\u00bb][et_pb_heading title=\u00bbProyectos Recientes\u00bb _builder_version=\u00bb4.27.4&#8243; _module_preset=\u00bbcad3a8ac-953b-4a9d-a423-9321f8be07a9&#8243; custom_margin=\u00bb||10px||false|false\u00bb title_text_color_last_edited=\u00bboff|desktop\u00bb locked=\u00bboff\u00bb global_colors_info=\u00bb{}\u00bb][\/et_pb_heading][et_pb_text _builder_version=\u00bb4.27.4&#8243; _module_preset=\u00bbbed65402-8cdc-404c-9957-130b6ce6330e\u00bb locked=\u00bboff\u00bb global_colors_info=\u00bb{}\u00bb]<\/p>\n<p dir=\"auto\">Admira nuestros \u00faltimos trajes flamencos y complementos exclusivos en Artesan\u00edas San Jos\u00e9 Flamencas. Dise\u00f1os \u00fanicos para ferias y eventos. \u00a1S\u00edguenos en Instagram @artesaniassanjoseflamencas para m\u00e1s inspiraci\u00f3n!<\/p>\n<p>[\/et_pb_text][et_pb_button button_url=\u00bbhttps:\/\/www.instagram.com\/flamencaslinares\/\u00bb url_new_window=\u00bbon\u00bb button_text=\u00bbInstagram\u00bb _builder_version=\u00bb4.27.4&#8243; _module_preset=\u00bb9ed1404b-f74d-4fa4-b7e5-4e9124009546&#8243; locked=\u00bboff\u00bb global_colors_info=\u00bb{}\u00bb][\/et_pb_button][\/et_pb_column][\/et_pb_row][\/et_pb_section][et_pb_section fb_built=\u00bb1&#8243; admin_label=\u00bbTestimonials\u00bb _builder_version=\u00bb4.25.1&#8243; _module_preset=\u00bbdefault\u00bb background_color=\u00bbgcid-695690f7-1400-435d-ab5d-81e5d8a43692&#8243; collapsed=\u00bbon\u00bb global_colors_info=\u00bb{%22gcid-695690f7-1400-435d-ab5d-81e5d8a43692%22:%91%22background_color%22%93}\u00bb][et_pb_row _builder_version=\u00bb4.25.1&#8243; _module_preset=\u00bbdefault\u00bb max_width=\u00bb1440px\u00bb global_colors_info=\u00bb{}\u00bb][et_pb_column type=\u00bb4_4&#8243; _builder_version=\u00bb4.25.1&#8243; _module_preset=\u00bbdefault\u00bb global_colors_info=\u00bb{}\u00bb][et_pb_slider arrows_custom_color=\u00bb#bf6631&#8243; dot_nav_custom_color=\u00bb#bf6631&#8243; _builder_version=\u00bb4.25.1&#8243; _module_preset=\u00bbdefault\u00bb header_font=\u00bbCormorant Garamond|500|||||||\u00bb header_text_color=\u00bb#333333&#8243; header_font_size=\u00bb54px\u00bb header_line_height=\u00bb1.2em\u00bb body_font=\u00bbInter|700||on|||||\u00bb body_text_color=\u00bb#bf6631&#8243; body_letter_spacing=\u00bb0.08em\u00bb body_line_height=\u00bb1.8em\u00bb background_color=\u00bbRGBA(255,255,255,0)\u00bb custom_button=\u00bbon\u00bb button_text_size=\u00bb14px\u00bb button_text_color=\u00bb#FFFFFF\u00bb button_bg_color=\u00bb#666666&#8243; button_border_width=\u00bb0px\u00bb button_border_radius=\u00bb0px\u00bb button_letter_spacing=\u00bb0.06em\u00bb button_font=\u00bb|600||on|||||\u00bb button_icon=\u00bb&#xf061;||fa||900&#8243; button_on_hover=\u00bboff\u00bb button_custom_padding=\u00bb12px|40px|12px|24px|true|false\u00bb custom_padding=\u00bb80px||80px||true|false\u00bb header_font_size_tablet=\u00bb32px\u00bb header_font_size_phone=\u00bb22px\u00bb header_font_size_last_edited=\u00bbon|desktop\u00bb text_shadow_style=\u00bbpreset3&#8243; text_shadow_color=\u00bbRGBA(255,255,255,0)\u00bb locked=\u00bboff\u00bb global_colors_info=\u00bb{%22gcid-heading-color%22:%91%22button_bg_color%22,%22button_bg_color%22,%22button_bg_color%22%93,%22gcid-0ec00ca9-ec06-4784-a057-5ece2d56f250%22:%91%22button_bg_color__hover%22,%22header_text_color%22%93,%22gcid-695690f7-1400-435d-ab5d-81e5d8a43692%22:%91%22border_color_all%22,%22border_color_all_fields%22%93,%22gcid-672c49ec-b8cc-4f22-a785-dec4ee1498c5%22:%91%22link_text_color%22,%22quote_text_color%22,%22quote_border_color%22,%22body_text_color%22,%22arrows_custom_color%22,%22dot_nav_custom_color%22%93}\u00bb button_bg_color__hover=\u00bb#333333&#8243; button_bg_color__hover_enabled=\u00bbon|hover\u00bb][et_pb_slide heading=\u00bbLos trajes de Artesan\u00edas San Jos\u00e9 son simplemente impresionantes. Me sent\u00ed como una verdadera flamenca en la feria. \u00a1Gracias por hacerme sentir especial!\u00bb _builder_version=\u00bb4.25.1&#8243; _module_preset=\u00bbdefault\u00bb locked=\u00bboff\u00bb global_colors_info=\u00bb{}\u00bb sticky_transition=\u00bbon\u00bb]<\/p>\n<p>&#8211; Mar\u00eda Gonz\u00e1lez<\/p>\n<p>[\/et_pb_slide][et_pb_slide heading=\u00bbLa atenci\u00f3n al detalle y la calidad de los complementos son inigualables. Recomiendo esta tienda a todos los amantes del flamenco.\u00bb _builder_version=\u00bb4.25.1&#8243; _module_preset=\u00bbdefault\u00bb locked=\u00bboff\u00bb global_colors_info=\u00bb{}\u00bb sticky_transition=\u00bbon\u00bb]<\/p>\n<p>&#8211; Carlos Luiz<\/p>\n<p>[\/et_pb_slide][et_pb_slide heading=\u00bbCompr\u00e9 un traje a medida y super\u00f3 todas mis expectativas. La dedicaci\u00f3n y el talento del equipo son evidentes en cada puntada.\u00bb _builder_version=\u00bb4.25.1&#8243; _module_preset=\u00bbdefault\u00bb locked=\u00bboff\u00bb global_colors_info=\u00bb{}\u00bb sticky_transition=\u00bbon\u00bb]<\/p>\n<p>&#8211; Elena Mart\u00ednez<\/p>\n<p>[\/et_pb_slide][\/et_pb_slider][\/et_pb_column][\/et_pb_row][\/et_pb_section]<\/p>\n","protected":false},"excerpt":{"rendered":"<p>Descubre la esencia del flamenco en cada uno de nuestros dise\u00f1os \u00fanicos, hechos a mano en Sevilla. Desde estilismo personal hasta alteraciones expertas a medida, d\u00e9jame ayudarte a expresar tu verdadero yo con confianza y creatividad. Desde la combinaci\u00f3n de piezas hasta la adopci\u00f3n de tendencias flamencas, el estilismo personal te ayuda a curar un [&hellip;]<\/p>\n","protected":false},"author":1,"featured_media":0,"parent":0,"menu_order":0,"comment_status":"closed","ping_status":"closed","template":"","meta":{"_et_pb_use_builder":"on","_et_pb_old_content":"","_et_gb_content_width":"","footnotes":""},"class_list":["post-17","page","type-page","status-publish","hentry"],"_links":{"self":[{"href":"https:\/\/xn--artesaniassanjosflamencas-qic.es\/index.php\/wp-json\/wp\/v2\/pages\/17","targetHints":{"allow":["GET"]}}],"collection":[{"href":"https:\/\/xn--artesaniassanjosflamencas-qic.es\/index.php\/wp-json\/wp\/v2\/pages"}],"about":[{"href":"https:\/\/xn--artesaniassanjosflamencas-qic.es\/index.php\/wp-json\/wp\/v2\/types\/page"}],"author":[{"embeddable":true,"href":"https:\/\/xn--artesaniassanjosflamencas-qic.es\/index.php\/wp-json\/wp\/v2\/users\/1"}],"replies":[{"embeddable":true,"href":"https:\/\/xn--artesaniassanjosflamencas-qic.es\/index.php\/wp-json\/wp\/v2\/comments?post=17"}],"version-history":[{"count":23,"href":"https:\/\/xn--artesaniassanjosflamencas-qic.es\/index.php\/wp-json\/wp\/v2\/pages\/17\/revisions"}],"predecessor-version":[{"id":126,"href":"https:\/\/xn--artesaniassanjosflamencas-qic.es\/index.php\/wp-json\/wp\/v2\/pages\/17\/revisions\/126"}],"wp:attachment":[{"href":"https:\/\/xn--artesaniassanjosflamencas-qic.es\/index.php\/wp-json\/wp\/v2\/media?parent=17"}],"curies":[{"name":"wp","href":"https:\/\/api.w.org\/{rel}","templated":true}]}}